{"id":6149,"date":"2025-07-04T08:00:35","date_gmt":"2025-07-04T11:00:35","guid":{"rendered":"http:\/\/www.fcaglp.unlp.edu.ar\/?page_id=6149"},"modified":"2026-04-24T09:00:25","modified_gmt":"2026-04-24T12:00:25","slug":"otras-novedades","status":"publish","type":"page","link":"https:\/\/www.fcaglp.unlp.edu.ar\/index.php\/ciencia-y-tecnica\/novedades\/otras-novedades\/","title":{"rendered":"CONGRESOS &#8211; OTRAS NOVEDADES"},"content":{"rendered":"\n<div class=\"wp-block-columns is-layout-flex wp-container-core-columns-is-layout-9d6595d7 wp-block-columns-is-layout-flex\">\n<div class=\"wp-block-column is-layout-flow wp-block-column-is-layout-flow\">\n<hr class=\"wp-block-separator has-alpha-channel-opacity\" \/>\n\n\n\n<ul class=\"wp-block-list\">\n<li><strong>International Day of Light 2026 Newsletter April 2026<\/strong><\/li>\n<\/ul>\n\n\n\n<p>We are counting down the days to May 16, 2026, which will see the ninth celebration\u00a0of\u00a0the UNESCO International Day of Light, one of the most anticipated science events on the global calendar of United Nations observances. Since its inception in 2018, over 3200 activities and events have taken place in more than 100 countries, reaching and inspiring millions worldwide. We would like to thank you all for the hard work that has made the International Day of Light such a success.<br><br>As you will see from our\u00a0<a href=\"https:\/\/lightday.us15.list-manage.com\/track\/click?u=c8c821e196c8c97b05e919d36&amp;id=620a715e2d&amp;e=773971c1ea\" target=\"_blank\" rel=\"noreferrer noopener\">global calendar<\/a>,\u00a0activities are being organised worldwide for 2026, and we look forward to some fantastic celebrations. Indeed, some have already taken place!\u00a0 One of the unique features of the International Day of Light is its ability to bring together diverse communities, and this is reflected in the tremendous range of topics that will be celebrated, including science and technology, lighting and lighting quality, astronomy, education, and more!\u00a0\u00a0In addition, 16 May is also the United Nations\u00a0<a href=\"https:\/\/lightday.us15.list-manage.com\/track\/click?u=c8c821e196c8c97b05e919d36&amp;id=03a35b4ab3&amp;e=773971c1ea\" target=\"_blank\" rel=\"noreferrer noopener\">International Day of Living Together in Peace<\/a>, and we encourage organisers of events on 16 May to consider including broader discussions of this theme as well, perhaps linking with the cultural association of light as a symbol of inclusion and hope.\u00a0<br><br>If you haven\u2019t planned any activities yet, remember that the International Day of Light celebrations do not all need to take place on 16 May itself. While many will naturally be organised around that date and during the week that follows, events at any time of the year can receive an association with the International Day of Light. Please\u00a0<a href=\"https:\/\/lightday.us15.list-manage.com\/track\/click?u=c8c821e196c8c97b05e919d36&amp;id=28d1a98331&amp;e=773971c1ea\" target=\"_blank\" rel=\"noreferrer noopener\">register<\/a>\u00a0your events as\u00a0soon as you can, and\u00a0remember that we have simplified our registration form in case you are organising multiple events.\u00a0As usual, the website contains useful information about all aspects of\u00a0<a href=\"https:\/\/lightday.us15.list-manage.com\/track\/click?u=c8c821e196c8c97b05e919d36&amp;id=f9e1c0cc16&amp;e=773971c1ea\" target=\"_blank\" rel=\"noreferrer noopener\">event organisation.<\/a>\u00a0Also, feel free to\u00a0<a href=\"https:\/\/lightday.us15.list-manage.com\/track\/click?u=c8c821e196c8c97b05e919d36&amp;id=bb1808f00e&amp;e=773971c1ea\" target=\"_blank\" rel=\"noreferrer noopener\">review past events<\/a>\u00a0for inspiration as well.\u00a0Many people find this extremely useful as a way to get started.\u00a0\u00a0<br><br>We appreciate just how much work and commitment go into organising such events, so don&#8217;t hesitate to let us know if you wish us to highlight your plans via our newsletter. This can be a great way to give you some well-deserved recognition!\u00a0\u00a0And if you may be involved in organising a technical or science-themed conference this year, why not think about including a special session related to outreach, education, or training? Our experience is that such sessions are very enthusiastically attended and provide a great forum for meeting new collaborators.\u00a0<br><br>We encourage you all to continue following and engaging with our social media channels using the hashtag #lightday2026\u00a0and the official channels: @<a href=\"https:\/\/lightday.us15.list-manage.com\/track\/click?u=c8c821e196c8c97b05e919d36&amp;id=7eaddb4352&amp;e=773971c1ea\" target=\"_blank\" rel=\"noreferrer noopener\">IDLOfficial<\/a>\u00a0on X\/Twitter, @<a href=\"https:\/\/lightday.us15.list-manage.com\/track\/click?u=c8c821e196c8c97b05e919d36&amp;id=289ebf2b26&amp;e=773971c1ea\" target=\"_blank\" rel=\"noreferrer noopener\">InternationalDayOfLight<\/a>\u00a0on Instagram,\u00a0@<a href=\"https:\/\/lightday.us15.list-manage.com\/track\/click?u=c8c821e196c8c97b05e919d36&amp;id=f4334e0571&amp;e=773971c1ea\" target=\"_blank\" rel=\"noreferrer noopener\">InternationalDayOfLight<\/a>\u00a0on Facebook,\u00a0@<a href=\"https:\/\/lightday.us15.list-manage.com\/track\/click?u=c8c821e196c8c97b05e919d36&amp;id=b6c8d143f3&amp;e=773971c1ea\" target=\"_blank\" rel=\"noreferrer noopener\">International Day Of Light<\/a>\u00a0on LinkedIn, and\u00a0<a href=\"https:\/\/lightday.us15.list-manage.com\/track\/click?u=c8c821e196c8c97b05e919d36&amp;id=6302c77f4a&amp;e=773971c1ea\" target=\"_blank\" rel=\"noreferrer noopener\">@idlofficial.bsky.social<\/a>\u00a0on Bluesky.<br><br>And once again, we acknowledge the continued commitment and support from the Steering Committee and other partners. Information about our partnership and how to get involved is\u00a0<a href=\"https:\/\/lightday.us15.list-manage.com\/track\/click?u=c8c821e196c8c97b05e919d36&amp;id=fb22e7c506&amp;e=773971c1ea\" target=\"_blank\" rel=\"noreferrer noopener\">here<\/a>.<br><br><strong>John Dudley and Joseph Niemela<\/strong><br>IDL 2026\u00a0Steering Committee Chairs<br><strong>Email:<\/strong>\u00a0<a href=\"mailto:john.dudley@univ-fcomte.fr\" target=\"_blank\" rel=\"noreferrer noopener\">john.dudley@univ-fcomte.fr<\/a><br><strong>Email:<\/strong>\u00a0<a href=\"mailto:niemela@ictp.it\" target=\"_blank\" rel=\"noreferrer noopener\">niemela@ictp.it<\/a><br>\u00a0<\/p>\n\n\n\n<hr class=\"wp-block-separator has-alpha-channel-opacity\" \/>\n\n\n\n<ul class=\"wp-block-list\">\n<li><strong>Simposio 411 de la IAU \u201cStar Clusters as Guides to Galaxies \u2013 Synergies and New Developments from Upcoming Surveys\u201d<\/strong><\/li>\n<\/ul>\n\n\n\n<p>Estimados amigos y colegas,<br><br>Nos complace anunciar que el Simposio 411 de la IAU,&nbsp;<strong>\u201cStar Clusters as Guides to Galaxies \u2013 Synergies and New Developments from Upcoming Surveys\u201d<\/strong>&nbsp;<em>,<\/em>&nbsp;tendr\u00e1 lugar en San Carlos de Bariloche del 22 al 27 de noviembre de 2026.<br><br><strong>Fundamentaci\u00f3n cient\u00edfica<\/strong>&nbsp;:<br><br>Esta reuni\u00f3n conjugar\u00e1 los avances en el estudio de los c\u00famulos estelares a lo largo del tiempo c\u00f3smico, desde los c\u00famulos estelares en el Universo a alto <em>redshift<\/em> hasta las poblaciones en el Universo Local. Destacar\u00e1 los estudios de c\u00famulos globulares en la era de los relevamientos de campo amplio y las simulaciones en un contexto cosmol\u00f3gico. El simposio tambi\u00e9n explorar\u00e1 los fen\u00f3menos de alta energ\u00eda y los agujeros negros de masa intermedia en los c\u00famulos, junto con nuevos enfoques estad\u00edsticos y de inteligencia artificial. Se enfatizar\u00e1n las conexiones entre las poblaciones estelares, la din\u00e1mica interna y la evoluci\u00f3n de las galaxias, junto con las perspectivas de las futuras instalaciones de observaci\u00f3n. Esperamos una comunidad diversa y comprometida, con un gran inter\u00e9s en comprender el progreso alcanzado hasta ahora y hacia d\u00f3nde se dirigir\u00e1 el campo en la pr\u00f3xima era de sondeos del cielo a gran escala y supercomputadoras.<br><br>P\u00e1gina web de la conferencia:&nbsp;<a href=\"https:\/\/iaus411.fcaglp.unlp.edu.ar\/\" target=\"_blank\" rel=\"noreferrer noopener\">https:\/\/iaus411.fcaglp.unlp.edu.ar\/<\/a><br><br><strong>Ubicaci\u00f3n:<\/strong><br><br>La conferencia se celebrar\u00e1 en San Carlos de Bariloche.&nbsp;El lugar tiene capacidad para unos 200 participantes y, lamentablemente, no podemos ofrecer la opci\u00f3n de asistencia remota.<br><br><strong>El plazo para la presentaci\u00f3n de res\u00famenes<\/strong>&nbsp;comienza el&nbsp;<strong>1 de abril de 2026<\/strong>&nbsp;.<br>Les recomendamos que se preinscriban en el sitio web de la conferencia: <a href=\"https:\/\/iaus411.fcaglp.unlp.edu.ar\/?page_id=20\" target=\"_blank\" rel=\"noreferrer noopener\">https:\/\/iaus411.fcaglp.unlp.edu.ar\/?page_id=20<\/a><br>Enviaremos actualizaciones y recordatorios sobre las fechas l\u00edmite.<br><br>Para obtener m\u00e1s detalles, visite:&nbsp;<a href=\"https:\/\/www.nottingham.ac.uk\/astronomy\/GalaxyMemoirs2025\/rationale.html\" target=\"_blank\" rel=\"noreferrer noopener\"><\/a><a href=\"https:\/\/iaus411.fcaglp.unlp.edu.ar\/\" target=\"_blank\" rel=\"noreferrer noopener\">https:\/\/iaus411.fcaglp.unlp.edu.ar\/<\/a><br><br>Contacto:&nbsp;<a href=\"mailto:iaus411.starclusters@gmail.com\" target=\"_blank\" rel=\"noreferrer noopener\">iaus411.starclusters@gmail.com<\/a><br>Cuenta de Instagram: @iau411starclusters<br><br><strong>Fechas clave:<\/strong><br>\u00a1Preinscripci\u00f3n abierta!<br>Presentaci\u00f3n de res\u00famenes y solicitud de subvenci\u00f3n: del 1 al 30 de abril.<br>El programa se anunciar\u00e1 a mediados de mayo.<br>Inscripci\u00f3n anticipada del 15 de abril al 1 de junio.<br>Tarifa regular del 2 de junio al 1 de agosto.<br>Tarifa por pago tard\u00edo despu\u00e9s del 1 de agosto<br><br>Los mejores deseos,<br>Ana Chies Santos, \u00c1ngela Adamo, Anahi Granada, Celeste Parisi, Juan P. Caso, Kristen Dage<\/p>\n\n\n\n<p>=================================<\/p>\n\n\n\n<p>Dear Friends and Colleagues,<br><br>We are delighted to announce that the IAU Symposium 411,&nbsp;<strong>\u201cStar Clusters as Guides to Galaxies \u2013 Synergies and New Developments from Upcoming Surveys\u201d<\/strong><em>,&nbsp;<\/em>will take place in San Carlos de Bariloche from 22\u201327 November 2026.<br><br><strong>Scientific rationale<\/strong>:<br><br>This meeting will bring together advances in star cluster science across cosmic time, from stellar clumps in the high-redshift Universe to star cluster populations in the Local Universe. It will highlight globular cluster studies in the era of wide-field surveys and simulations in a cosmological context. The symposium will also explore high-energy phenomena and intermediate-mass black holes in clusters, along with new statistical and artificial intelligence approaches. Connections between stellar populations, internal dynamics, and galaxy evolution will be emphasized, together with perspectives from upcoming observational facilities. We expect a diverse and engaged community with vibrant interest in understanding the progress made so far and which directions will the field move into in the upcoming era of large sky surveys and powerful computers.<br><br>Conference webpage:&nbsp;<a href=\"https:\/\/iaus411.fcaglp.unlp.edu.ar\/\" target=\"_blank\" rel=\"noreferrer noopener\">https:\/\/iaus411.fcaglp.unlp.edu.ar\/<\/a><br><br><strong>Location:<\/strong><br><br>The conference will be held in San Carlos de Bariloche, a picturesque town in northern Patagonia. In November, late spring brings mild temperatures, blooming landscapes, and long daylight hours, offering ideal conditions to enjoy the region\u2019s crystal-clear lakes and surrounding national parks. Visitors can take advantage of outdoor activities such as hiking and lake excursions, along with a lively center known for its artisanal chocolate and inviting restaurants. Easily accessible from Buenos Aires, Bariloche provides an inspiring setting for the conference.<br><br>The venue can accommodate around 200 participants and unfortunately we cannot offer remote attendance.<br><br><strong>Abstract submission&nbsp;<\/strong>commences on&nbsp;<strong>1st of April 2026<\/strong>.<br>We encourage to make a pre-registration on the conference site: <a href=\"https:\/\/iaus411.fcaglp.unlp.edu.ar\/?page_id=20\" target=\"_blank\" rel=\"noreferrer noopener\">https:\/\/iaus411.fcaglp.unlp.edu.ar\/?page_id=20<\/a><br>We will send updates and reminders about deadlines.<br><br>For more details, visit:<a href=\"https:\/\/www.nottingham.ac.uk\/astronomy\/GalaxyMemoirs2025\/rationale.html\" target=\"_blank\" rel=\"noreferrer noopener\">&nbsp;<\/a><a href=\"https:\/\/iaus411.fcaglp.unlp.edu.ar\/\" target=\"_blank\" rel=\"noreferrer noopener\">https:\/\/iaus411.fcaglp.unlp.edu.ar\/<\/a><br><br>Contact:&nbsp;<a href=\"mailto:iaus411.starclusters@gmail.com\" target=\"_blank\" rel=\"noreferrer noopener\">iaus411.starclusters@gmail.com<\/a><br>Instagram account: @iau411starclusters<br><br><strong>Key dates:<\/strong><br>Pre-registration open!<br>Abstract submission &amp; Grant Application: April 1st \u2013 April 30th<br>Programme Announcement by mid May<br>Early Bird Registration from April 15th to June 1st<br>Regular Rate from June 2nd to August 1st<br>Late Rate after August 1st<br><br>Best wishes,<br>Ana Chies Santos, Angela Adamo, Anahi Granada, Celeste Parisi, Juan P. Caso, Kristen Dage<\/p>\n\n\n\n<hr class=\"wp-block-separator has-alpha-channel-opacity\" \/>\n\n\n\n<ul class=\"wp-block-list\">\n<li><strong>Congreso Cosmosur<\/strong><\/li>\n<\/ul>\n\n\n\n<p>Congreso Cosmosur: Cosmolog\u00eda y Gravitaci\u00f3n en el Cono Sur que se realizar\u00e1 entre el <strong>6 y el 9 de octubre de 2026 en Valpara\u00edso Chile<\/strong>. La p\u00e1gina del evento la pueden encontrar en: <a href=\"https:\/\/fis.ucv.cl\/cosmosur8\/\">https:\/\/fis.ucv.cl\/cosmosur8\/<\/a><\/p>\n\n\n\n<hr class=\"wp-block-separator has-alpha-channel-opacity\" \/>\n\n\n\n<ul class=\"wp-block-list\">\n<li><strong>Reuni\u00f3n Astrof\u00edsica a Toda Escala. 1er Anuncio (IALP 2026)<\/strong><\/li>\n<\/ul>\n\n\n\n<p>Estimados colegas:<br><br>Es nuestro placer anunciar la pr\u00f3xima Reuni\u00f3n &#8220;Astrof\u00edsica a toda escala&#8221;, que se realizar\u00e1 los d\u00edas 8, 9 y 10 de junio de 2026 en el Planetario UNLP, de cara a un nuevo aniversario del Instituto de Astrof\u00edsica de La Plata (IALP, UNLP-CONICET). Esta reuni\u00f3n tiene como objetivo fomentar la creaci\u00f3n de un espacio de discusi\u00f3n, camarader\u00eda e intercambio cient\u00edfico. &nbsp;<br><br>Convocamos a toda la comunidad astron\u00f3mica argentina a participar de este encuentro, con la esperanza de establecer nuevas sinergias y enriquecer la gran diversidad de l\u00edneas de investigaci\u00f3n que se realizan en nuestro Instituto. La participaci\u00f3n en la reuni\u00f3n no tendr\u00e1 costo alguno.<br><br>En el siguiente enlace encontrar\u00e1n el formulario de inscripci\u00f3n, tanto para registrarse como para proponer la presentaci\u00f3n de trabajos: <a href=\"https:\/\/forms.gle\/BpJV9hXqYaLdrH4n6\">https:\/\/forms.gle\/BpJV9hXqYaLdrH4n6<\/a><br><br>En futuros anuncios comunicaremos el formato y las charlas invitadas preparadas para el evento.<br><br>Fechas importantes:<br>-Fecha l\u00edmite para la presentaci\u00f3n de trabajos: 30 de abril<br>-Anuncio de las charlas aceptadas: 8 de mayo<br>-Fecha l\u00edmite para la inscripci\u00f3n: 15 de mayo<br>-Reuni\u00f3n: 8-10 de junio<br><br>Saludos cordiales,<br>COC<br><br>Yanina Cochetti<br>Nicolas Duronea<br>Roberto Gamen<br>Octavio Guilera<br>Keila Ertini<br>Marcelo Miller Bertolami<br>Victoria Reynaldi<br>Mart\u00edn Mestre<br><br>Consultas: Reunion-IALP &lt;<a href=\"mailto:reunion.ialp@gmail.com\">reunion.ialp@gmail.com<\/a>&gt;<\/p>\n\n\n\n<hr class=\"wp-block-separator has-alpha-channel-opacity\" \/>\n\n\n\n<ul class=\"wp-block-list\">\n<li><strong>SNII-RSG-2026 &#8211; San Pedro de Atacama, Chile, October 2026 &#8211; registration and abstract submission open.<\/strong><\/li>\n<\/ul>\n\n\n\n<p>This is the second announcement of the ESO-Chile 2026&nbsp;conference:<\/p>\n\n\n\n<p><strong><em>&#8220;<\/em><em>Type II Supernovae: The Chaotic Deaths of Supergiants and their Cosmic Implications&#8221;,&nbsp;<\/em>which will be held in&nbsp;<\/strong><strong>San Pedro de Atacama, Chile, October 5-9 2026.<\/strong><\/p>\n\n\n\n<p><strong><a href=\"https:\/\/www.eso.org\/sci\/meetings\/2026\/SNII-RSG\/registration\/registration-open.html\" target=\"_blank\" rel=\"noreferrer noopener\">Registration and abstract submission is now open<\/a>, with a deadline of 01\/05\/26.<\/strong><\/p>\n\n\n\n<p>For more details, please see our&nbsp;<a href=\"https:\/\/www.eso.org\/sci\/meetings\/2026\/SNII-RSG.html\" target=\"_blank\" rel=\"noreferrer noopener\">conference website<\/a>, which&nbsp;will be populated with more information in the coming weeks\/months.<\/p>\n\n\n\n<p><strong>The conference focuses on type II supernovae and their progenitors, bringing together the supernova and massive star communities.<\/strong><\/p>\n\n\n\n<p>Our conference &#8211; SNII-RSG-2026 &#8211; will take place in the unique town of&nbsp;<a href=\"https:\/\/sanpedroatacama.com\/en\/\" target=\"_blank\" rel=\"noreferrer noopener\">San Pedro de Atacama<\/a>, in the north of Chile, at the &#8216;<a href=\"https:\/\/sanpedroatacama.com\/en\/tourist-attraction\/events-center-coyo-antai\/\" target=\"_blank\" rel=\"noreferrer noopener\">Centro de Eventos Coyo Antai<\/a>&#8216;. San Pedro is a truly an amazing place to visit&nbsp;\ud83d\ude0e.<\/p>\n\n\n\n<p>We hope to see many of you in the Chilean desert later this year!<\/p>\n\n\n\n<p>If you have questions about the conference, please feel free to reply to this email and\/or email&nbsp;<a href=\"mailto:SNII-RSG-2026@eso.org\" target=\"_blank\" rel=\"noreferrer noopener\">SNII-RSG-2026@eso.org<\/a>.<\/p>\n\n\n\n<hr class=\"wp-block-separator has-alpha-channel-opacity\" \/>\n\n\n\n<ul class=\"wp-block-list\">\n<li><strong>CONGRESO CIGMA &#8211; CONVOCATORIA POSTERS<\/strong><\/li>\n<\/ul>\n\n\n\n<p>Nos complace informar que se encuentra oficialmente abierta la convocatoria para la presentaci\u00f3n de p\u00f3sters cient\u00edficos en el marco del Congreso CIGMA.<br><br>Invitamos a estudiantes de grado y posgrado, integrantes de grupos de investigaci\u00f3n, becarias y becarios, docentes e investigadores\/as a participar activamente de este espacio de intercambio acad\u00e9mico. El Congreso CIGMA busca promover la difusi\u00f3n de trabajos cient\u00edficos, fortalecer el di\u00e1logo entre equipos de investigaci\u00f3n y generar nuevas oportunidades de articulaci\u00f3n dentro de nuestra comunidad.<br><br>La postulaci\u00f3n se realiza a trav\u00e9s de un formulario online. Para completar la inscripci\u00f3n, deber\u00e1n ingresar al siguiente enlace y cargar la informaci\u00f3n solicitada:<br><br><a href=\"https:\/\/docs.google.com\/forms\/d\/e\/1FAIpQLSeGRANtAonbkGngO_oTnaV1FyD7U3xDMg0EebEOueHFgZMK3g\/viewform\" target=\"_blank\" rel=\"noreferrer noopener\">https:\/\/docs.google.com\/forms\/d\/e\/1FAIpQLSeGRANtAonbkGngO_oTnaV1FyD7U3xDMg0EebEOueHFgZMK3g\/viewform<\/a><br><br>Una vez enviado el formulario, la postulaci\u00f3n quedar\u00e1 formalmente registrada. Posteriormente, el Comit\u00e9 Cient\u00edfico del Congreso ser\u00e1 el encargado de evaluar los trabajos presentados y comunicar los resultados<br>en los plazos establecidos.<br><br>Agradeceremos especialmente la difusi\u00f3n de esta convocatoria al interior de los distintos institutos, c\u00e1tedras y equipos de trabajo, con el objetivo de ampliar la participaci\u00f3n y garantizar una representaci\u00f3n diversa de l\u00edneas y proyectos de investigaci\u00f3n.<br><br>Ante cualquier consulta, pueden comunicarse con el equipo organizador respondiendo a este correo: <a href=\"mailto:congreso.cigma@presi.unlp.edu.ar\">congreso.cigma@presi.unlp.edu.ar<\/a><br><br>Esperamos contar con su participaci\u00f3n y con la de sus equipos de trabajo en esta nueva edici\u00f3n del Congreso CIGMA.<br><br>Cordialmente,<br>Comit\u00e9 Organizador Congreso CIGMA<\/p>\n\n\n\n<hr class=\"wp-block-separator has-alpha-channel-opacity\" \/>\n\n\n\n<ul class=\"wp-block-list\">\n<li><strong>GSST\/CBERS-5 Symposium on ML in Heliophysics &amp; Space Weather (17\u201321 Aug 2026)<\/strong><\/li>\n<\/ul>\n\n\n\n<p>On behalf of the Organizing Committee, we would like to invite you to disseminate the call for participation for the GSST\/CBERS-5 International Symposium on Machine Learning in Heliophysics and Space Weather, which will take place at INPE \u2013 National Institute for Space Research (S\u00e3o Jos\u00e9 dos Campos, SP, Brazil), 17\u201321 August 2026.<\/p>\n\n\n\n<p>The symposium will bring together researchers, engineers, and data scientists working at the interface of artificial intelligence and solar\u2013terrestrial physics, focusing on how Machine Learning (ML) and Computer Vision (CV) can advance heliophysics research and improve predictive capabilities in space weather and space climate. We welcome contributions for oral and poster presentations, including applications of ML in Astrophysics and Earth Sciences.<\/p>\n\n\n\n<p>Registration and submissions (Indico):<\/p>\n\n\n\n<p>\u2022 Abstract submission (Oral\/Poster):<a href=\"https:\/\/indico.global\/event\/16921\/abstracts\/#submit-abstract\" target=\"_blank\" rel=\"noreferrer noopener\"> https:\/\/indico.global\/event\/16921\/abstracts\/#submit-abstract<\/a><\/p>\n\n\n\n<p>\u2022 Financial support application (covers registration fee only):<a href=\"https:\/\/indico.global\/event\/16921\/registrations\/4117\/\" target=\"_blank\" rel=\"noreferrer noopener\"> https:\/\/indico.global\/event\/16921\/registrations\/4117\/<\/a><\/p>\n\n\n\n<p>Important: Applicants requesting financial support should wait for the funding decision before completing the regular registration. Travel, accommodation, per diem, and other logistical expenses are not covered.<\/p>\n\n\n\n<p>\u2022 Registration:<a href=\"https:\/\/indico.global\/event\/16921\/registrations\/4100\/\" target=\"_blank\" rel=\"noreferrer noopener\"> https:\/\/indico.global\/event\/16921\/registrations\/4100\/<\/a><\/p>\n\n\n\n<p>\u2022 Event overview (Indico):<a href=\"https:\/\/indico.global\/event\/16921\/overview\" target=\"_blank\" rel=\"noreferrer noopener\"> https:\/\/indico.global\/event\/16921\/overview<\/a><\/p>\n\n\n\n<p>\u2022 Official INPE page:<a href=\"https:\/\/www.gov.br\/inpe\/pt-br\/eventos\/gsst-cbers-5-international-symposium-on-machine-learning-in-heliophysics-and-space-weather\" target=\"_blank\" rel=\"noreferrer noopener\"> https:\/\/www.gov.br\/inpe\/pt-br\/eventos\/gsst-cbers-5-international-symposium-on-machine-learning-in-heliophysics-and-space-weather<\/a><\/p>\n\n\n\n<p>We would be grateful if you could share this announcement with your faculty, researchers, students, and relevant mailing lists. A banner for dissemination is attached.<\/p>\n\n\n\n<p>For any questions, please contact us at <a href=\"mailto:SolarAI2026@inpe.br\" target=\"_blank\" rel=\"noreferrer noopener\">SolarAI2026@inpe.br<\/a>.<\/p>\n\n\n\n<p>Sincerely,<br>Solar AI 2026 Organizing Committee<br>GSST\/CBERS-5 International Symposium on Machine Learning in Heliophysics and Space Weather<br>INPE \u2013 National Institute for Space Research (Brazil)<br><a href=\"mailto:SolarAI2026@inpe.br\" target=\"_blank\" rel=\"noreferrer noopener\">SolarAI2026@inpe.br<\/a><\/p>\n\n\n\n<hr class=\"wp-block-separator has-alpha-channel-opacity\" \/>\n\n\n\n<ul class=\"wp-block-list\">\n<li><strong>FOF2026 &#8211; THIRD ANNOUNCEMENT<\/strong><\/li>\n<\/ul>\n\n\n\n<div class=\"wp-block-file\"><a id=\"wp-block-file--media-005288fd-3634-42a2-8e0b-655ad8f4008c\" href=\"https:\/\/www.fcaglp.unlp.edu.ar\/wp-content\/uploads\/2026\/03\/FOF2026_THIRD-ANNOUNCEMENT.pdf\">FOF2026_THIRD ANNOUNCEMENT<\/a><a href=\"https:\/\/www.fcaglp.unlp.edu.ar\/wp-content\/uploads\/2026\/03\/FOF2026_THIRD-ANNOUNCEMENT.pdf\" class=\"wp-block-file__button wp-element-button\" download aria-describedby=\"wp-block-file--media-005288fd-3634-42a2-8e0b-655ad8f4008c\">Descarga<\/a><\/div>\n\n\n\n<hr class=\"wp-block-separator has-alpha-channel-opacity\" \/>\n\n\n\n<ul class=\"wp-block-list\">\n<li><strong>SEGUNDA CIRCULAR &#8211; Publicaci\u00f3n &#8211; Volumen III<\/strong><\/li>\n<\/ul>\n\n\n\n<div class=\"wp-block-file\"><a id=\"wp-block-file--media-1aea8ddf-eab3-46f3-977c-003a07cdc384\" href=\"https:\/\/www.fcaglp.unlp.edu.ar\/wp-content\/uploads\/2026\/03\/Segunda-Circular_Seleccion-de-Trabajos_JEHA-III.pdf\">Segunda Circular_Selecci\u00f3n de Trabajos_JEHA III<\/a><a href=\"https:\/\/www.fcaglp.unlp.edu.ar\/wp-content\/uploads\/2026\/03\/Segunda-Circular_Seleccion-de-Trabajos_JEHA-III.pdf\" class=\"wp-block-file__button wp-element-button\" download aria-describedby=\"wp-block-file--media-1aea8ddf-eab3-46f3-977c-003a07cdc384\">Descarga<\/a><\/div>\n\n\n\n<hr class=\"wp-block-separator has-alpha-channel-opacity\" \/>\n\n\n\n<ul class=\"wp-block-list\">\n<li><strong>COSPAR News, Issue 29<\/strong>: <a href=\"https:\/\/mailchi.mp\/cosparhq.cnes.fr\/cospar-news-issue-29?e=a3bc2bf05d\" title=\"\">https:\/\/mailchi.mp\/cosparhq.cnes.fr\/cospar-news-issue-29?e=a3bc2bf05d<\/a><\/li>\n<\/ul>\n\n\n\n<hr class=\"wp-block-separator has-alpha-channel-opacity\" \/>\n\n\n\n<ul class=\"wp-block-list\">\n<li><strong>PUBLICACI\u00d3N &#8211; Epistemolog\u00eda e Historia de la Astronom\u00eda. Volumen II<\/strong><\/li>\n<\/ul>\n\n\n\n<p>Estimados\/as Colegas: nuevamente tenemos el agrado de comunicarles que acaba de salir publicado el libro <em>\u201cEpistemolog\u00eda e Historia de la Astronom\u00eda. Volumen II\u201d<\/em> en versi\u00f3n electr\u00f3nica. El mismo es una selecci\u00f3n de los trabajos presentados en las <em>Segundas Jornadas de Epistemolog\u00eda e Historia de la Astronom\u00eda (JEHA-II)<\/em>, realizadas en noviembre del a\u00f1o 2023. Este <em>e-book<\/em> forma parte de las <em>Colecciones del CIFFyH<\/em>, una iniciativa del Centro de Investigaciones y del \u00c1rea de Publicaciones de la Facultad de Filosof\u00eda y Humanidades de la Universidad Nacional de C\u00f3rdoba.<\/p>\n\n\n\n<p>Los y las invitamos a descargar el libro de manera gratuita desde la p\u00e1gina web del <a href=\"https:\/\/ffyh.unc.edu.ar\/publicaciones\/tienda\/publicaciones-de-investigacion\/ciffyh\/colecciones-del-ciffyh\/epistemologia-e-historia-de-la-astronomia-vol-ii\/\" target=\"_blank\" rel=\"noreferrer noopener\">\u00c1rea de Publicaciones<\/a> o bien desde la p\u00e1gina de las <a href=\"https:\/\/jeha.oac.unc.edu.ar\/?page_id=581\" target=\"_blank\" rel=\"noreferrer noopener\">Jornadas de Epistemolog\u00eda e Historia de la Astronom\u00eda<\/a>.<\/p>\n\n\n\n<hr class=\"wp-block-separator has-alpha-channel-opacity\" \/>\n<\/div>\n<\/div>\n\n\n\n<p><\/p>\n","protected":false},"excerpt":{"rendered":"<p>We are counting down the days to May 16, 2026, which will see the ninth celebration\u00a0of\u00a0the UNESCO International Day of Light, one of the most anticipated science events on the global calendar of United Nations observances. Since its inception in 2018, over 3200 activities and events have taken place in more than 100 countries, reaching&hellip;&nbsp;<a href=\"https:\/\/www.fcaglp.unlp.edu.ar\/index.php\/ciencia-y-tecnica\/novedades\/otras-novedades\/\" rel=\"bookmark\">Read More &raquo;<span class=\"screen-reader-text\">CONGRESOS &#8211; OTRAS NOVEDADES<\/span><\/a><\/p>\n","protected":false},"author":10,"featured_media":0,"parent":468,"menu_order":0,"comment_status":"closed","ping_status":"closed","template":"","meta":{"neve_meta_sidebar":"","neve_meta_container":"","neve_meta_enable_content_width":"","neve_meta_content_width":0,"neve_meta_title_alignment":"","neve_meta_author_avatar":"","neve_post_elements_order":"","neve_meta_disable_header":"","neve_meta_disable_footer":"","neve_meta_disable_title":"","neve_meta_reading_time":"","_themeisle_gutenberg_block_has_review":false,"footnotes":""},"class_list":["post-6149","page","type-page","status-publish","hentry"],"aioseo_notices":[],"_links":{"self":[{"href":"https:\/\/www.fcaglp.unlp.edu.ar\/index.php\/wp-json\/wp\/v2\/pages\/6149","targetHints":{"allow":["GET"]}}],"collection":[{"href":"https:\/\/www.fcaglp.unlp.edu.ar\/index.php\/wp-json\/wp\/v2\/pages"}],"about":[{"href":"https:\/\/www.fcaglp.unlp.edu.ar\/index.php\/wp-json\/wp\/v2\/types\/page"}],"author":[{"embeddable":true,"href":"https:\/\/www.fcaglp.unlp.edu.ar\/index.php\/wp-json\/wp\/v2\/users\/10"}],"replies":[{"embeddable":true,"href":"https:\/\/www.fcaglp.unlp.edu.ar\/index.php\/wp-json\/wp\/v2\/comments?post=6149"}],"version-history":[{"count":158,"href":"https:\/\/www.fcaglp.unlp.edu.ar\/index.php\/wp-json\/wp\/v2\/pages\/6149\/revisions"}],"predecessor-version":[{"id":17112,"href":"https:\/\/www.fcaglp.unlp.edu.ar\/index.php\/wp-json\/wp\/v2\/pages\/6149\/revisions\/17112"}],"up":[{"embeddable":true,"href":"https:\/\/www.fcaglp.unlp.edu.ar\/index.php\/wp-json\/wp\/v2\/pages\/468"}],"wp:attachment":[{"href":"https:\/\/www.fcaglp.unlp.edu.ar\/index.php\/wp-json\/wp\/v2\/media?parent=6149"}],"curies":[{"name":"wp","href":"https:\/\/api.w.org\/{rel}","templated":true}]}}